{"id":8,"date":"2020-10-05T14:56:34","date_gmt":"2020-10-05T14:56:34","guid":{"rendered":"https:\/\/canadianjewishlawassociation.org\/?page_id=8"},"modified":"2025-11-24T09:48:43","modified_gmt":"2025-11-24T14:48:43","slug":"home","status":"publish","type":"page","link":"https:\/\/canadianjewishlawassociation.org\/fr\/","title":{"rendered":"Accueil"},"content":{"rendered":"<div id=\"cs-content\" class=\"cs-content\"><div class=\"x-section e8-e1 m8-0 m8-1 m8-2 m8-3\"><div class=\"x-bg\" aria-hidden=\"true\"><div class=\"x-bg-layer-lower-image\" data-x-element-bg-layer=\"{&quot;parallaxSize&quot;:&quot;150%&quot;,&quot;parallaxDir&quot;:&quot;v&quot;,&quot;parallaxRev&quot;:true}\"><\/div><\/div><div class=\"x-div x-container max width e8-e2 m8-b m8-c m8-d m8-e m8-f m8-g\"><div class=\"x-row e8-e3 m8-q m8-r m8-s m8-t m8-u m8-v m8-w m8-x m8-1a m8-1b\"><div class=\"x-row-inner\"><div class=\"x-col e8-e4 m8-1k m8-1l m8-1m m8-1n m8-1o m8-1p\"><div class=\"x-text x-text-headline e8-e5 m8-1y m8-1z m8-20 m8-21 m8-22 m8-23 m8-24 m8-25 m8-26\"><div class=\"x-text-content\"><div class=\"x-text-content-text\">\n<h1 class=\"x-text-content-text-primary\">L\u2019Association canadienne de droit juif<\/h1><\/div><\/div><\/div><div class=\"x-text x-content e8-e6 m8-2i m8-2j m8-2k m8-2l m8-2m\">Unir les voix juridiques, d\u00e9fendre la justice : Un avenir sans haine<\/div><a class=\"x-anchor x-anchor-button e8-e7 m8-2v m8-2w m8-2x m8-7 m8-8 m8-9\" tabindex=\"0\" href=\"https:\/\/canadianjewishlawassociation.org\/fr\/?msopen=\/member\/plans\/4zstuaxhfu\" data-x-effect=\"{&quot;durationBase&quot;:&quot;300ms&quot;}\"><div class=\"x-anchor-content\"><div class=\"x-anchor-text\"><span class=\"x-anchor-text-primary\">Joignez notre Association<\/span><\/div><\/div><\/a><\/div><\/div><\/div><\/div><\/div><div class=\"x-section e8-e8 m8-0 m8-2 m8-4\"><span class=\"x-separator-top-angle-in\" style=\"top: 0px; height: 50px; color: #ffffff;\" aria-hidden=\"true\"><svg class=\"angle-top-in\" style=\"fill: currentColor;\" xmlns=\"http:\/\/www.w3.org\/2000\/svg\" version=\"1.1\" viewbox=\"0 0 100 100\" preserveaspectratio=\"none\"><polygon points=\"0,100 50,100 0,0\"\/><polygon points=\"50,100 100,100 100,0\"\/><\/svg><\/span><div class=\"x-div x-container max width e8-e9 m8-b m8-c m8-d m8-e m8-f m8-g\"><div class=\"x-row e8-e10 m8-r m8-s m8-t m8-v m8-w m8-y m8-z m8-1c m8-1d\"><div class=\"x-row-inner\"><div class=\"x-col e8-e11 m8-1n m8-1o m8-1p\"><div class=\"x-text x-text-headline e8-e12 m8-1z m8-20 m8-21 m8-24 m8-25 m8-26 m8-27 m8-28\"><div class=\"x-text-content\"><div class=\"x-text-content-text\"><h2 class=\"x-text-content-text-primary\">Mission de l'association<\/h2>\n<\/div><\/div><\/div><\/div><\/div><\/div><div class=\"x-row e8-e13 m8-s m8-t m8-v m8-w m8-y m8-z m8-10 m8-11 m8-1c m8-1e\"><div class=\"x-row-inner\"><div class=\"x-col e8-e14 m8-1k m8-1m m8-1n m8-1q m8-1r m8-1s\"><i class=\"x-icon e8-e15 m8-33 mission_icon\" aria-hidden=\"true\" data-x-icon-s=\"&#xf24e;\"><\/i><div class=\"x-text x-text-headline e8-e16 m8-1z m8-20 m8-24 m8-26 m8-28 m8-29\"><div class=\"x-text-content\"><div class=\"x-text-content-text\"><h2 class=\"x-text-content-text-primary\">Justice  <\/h2>\n<\/div><\/div><\/div><div class=\"x-text x-content e8-e17 m8-2k m8-2l m8-2n m8-2o m8-2p\">Promote the rule of law, access to justice and advocacy excellence in the fulfillment of our vision and mission.<\/div><\/div><div class=\"x-col e8-e18 m8-1k m8-1m m8-1n m8-1q m8-1r m8-1s\"><i class=\"x-icon e8-e19 m8-33 mission_icon\" aria-hidden=\"true\" data-x-icon-s=\"&#xf675;\"><\/i><div class=\"x-text x-text-headline e8-e20 m8-1z m8-20 m8-24 m8-26 m8-28 m8-29\"><div class=\"x-text-content\"><div class=\"x-text-content-text\"><h2 class=\"x-text-content-text-primary\">Advocacy <\/h2>\n<\/div><\/div><\/div><div class=\"x-text x-content e8-e21 m8-2k m8-2l m8-2n m8-2o m8-2p\">Advocate for a just and inclusive society free of antisemitism, prejudice and hate<\/div><\/div><div class=\"x-col e8-e22 m8-1k m8-1m m8-1n m8-1q m8-1r m8-1s\"><i class=\"x-icon e8-e23 m8-33 mission_icon\" aria-hidden=\"true\" data-x-icon-s=\"&#xf335;\"><\/i><div class=\"x-text x-text-headline e8-e24 m8-1z m8-20 m8-24 m8-26 m8-28 m8-29\"><div class=\"x-text-content\"><div class=\"x-text-content-text\"><h2 class=\"x-text-content-text-primary\">Education <\/h2>\n<\/div><\/div><\/div><div class=\"x-text x-content e8-e25 m8-2k m8-2l m8-2n m8-2o m8-2p\"><span>Educate the legal community and the wider public on legal issues affecting the Jewish community in Canada<\/span><\/div><\/div><div class=\"x-col e8-e26 m8-1k m8-1m m8-1n m8-1q m8-1r m8-1s\"><i class=\"x-icon e8-e27 m8-33 mission_icon\" aria-hidden=\"true\" data-x-icon-s=\"&#xf4c4;\"><\/i><div class=\"x-text x-text-headline e8-e28 m8-1z m8-20 m8-24 m8-26 m8-28 m8-29\"><div class=\"x-text-content\"><div class=\"x-text-content-text\"><h2 class=\"x-text-content-text-primary\">Mentorship<\/h2>\n<\/div><\/div><\/div><div class=\"x-text x-content e8-e29 m8-2k m8-2n m8-2o m8-2p m8-2q\"><span>Provide social and mentoring opportunities for Jewish legal professionals<\/span><\/div><\/div><div class=\"x-col e8-e30 m8-1k m8-1m m8-1n m8-1q m8-1r m8-1s\"><i class=\"x-icon e8-e31 m8-33 mission_icon\" aria-hidden=\"true\" data-x-icon-s=\"&#xf6ff;\"><\/i><div class=\"x-text x-text-headline e8-e32 m8-1z m8-20 m8-24 m8-26 m8-28 m8-29\"><div class=\"x-text-content\"><div class=\"x-text-content-text\"><h2 class=\"x-text-content-text-primary\">Network<\/h2>\n<\/div><\/div><\/div><div class=\"x-text x-content e8-e33 m8-2k m8-2n m8-2o m8-2p m8-2q\"><span>Create a Canada-wide network of Jewish lawyers and supporters<\/span><\/div><\/div><\/div><\/div><div class=\"x-row e8-e34 m8-q m8-s m8-t m8-w m8-x m8-z m8-11 m8-12 m8-13 m8-1a m8-1f\"><div class=\"x-row-inner\"><div class=\"x-col e8-e35 m8-1n m8-1o m8-1p\"><div class=\"x-row e8-e36 m8-q m8-r m8-t m8-u m8-13 m8-14 m8-15 m8-16 m8-1g\"><div class=\"x-row-inner\"><div class=\"x-col e8-e37 m8-1n m8-1o m8-1p\"><div class=\"x-text x-text-headline e8-e38 m8-1z m8-20 m8-21 m8-24 m8-26 m8-27 m8-28\"><div class=\"x-text-content\"><div class=\"x-text-content-text\"><h1 class=\"x-text-content-text-primary\">Notre vision <\/h1>\n<\/div><\/div><\/div><div class=\"x-text x-content e8-e39 m8-2k m8-2l m8-2m m8-2n m8-2r m8-2s\"><span>The Canadian Jewish Law Association (<\/span><b>CJLA<\/b><span>) empowers the Jewish legal community and its supporters to combat antisemitism and all forms of discrimination by providing expert advocacy, advancing education and fostering respectful dialogue.\u00a0<\/span><\/div><\/div><\/div><\/div><\/div><div class=\"x-col e8-e40 m8-1n m8-1o m8-1p\"><figure class=\"x-div e8-e41 m8-b m8-c m8-d m8-f m8-g m8-h\"><span class=\"x-image e8-e42 m8-34 m8-35\"><img decoding=\"async\" src=\"https:\/\/canadianjewishlawassociation.org\/wp-content\/uploads\/2024\/10\/2.jpg\" width=\"1920\" height=\"1080\" alt=\"Placeholder Image\" loading=\"lazy\"><\/span><\/figure><\/div><\/div><\/div><\/div><span class=\"x-separator-bottom-angle-in\" style=\"bottom: 0px; height: 50px; color: #ffffff;\" aria-hidden=\"true\"><svg class=\"angle-bottom-in\" style=\"fill: currentColor;\" xmlns=\"http:\/\/www.w3.org\/2000\/svg\" version=\"1.1\" viewbox=\"0 0 100 100\" preserveaspectratio=\"none\"><polygon points=\"0,0 50,0 0,100\"\/><polygon points=\"50,0 100,0 100,100\"\/><\/svg><\/span><\/div><div class=\"x-section e8-e43 m8-0 m8-3 m8-5\" id=\"about\"><div class=\"x-bg\" aria-hidden=\"true\"><div class=\"x-bg-layer-lower-image\"><\/div><\/div><div class=\"x-row e8-e44 m8-q m8-r m8-s m8-t m8-u m8-13 m8-16 m8-17 m8-1h\"><div class=\"x-row-inner\"><div class=\"x-col e8-e45 m8-1k m8-1m m8-1n m8-1o m8-1t m8-1u m8-1v\"><div class=\"x-text x-text-headline has-graphic e8-e46 m8-1z m8-20 m8-23 m8-25 m8-2a m8-2b m8-2c m8-2d\"><div class=\"x-text-content\"><span class=\"x-graphic\" aria-hidden=\"true\"><i class=\"x-icon x-graphic-child x-graphic-icon x-graphic-primary\" aria-hidden=\"true\" data-x-icon-o=\"&#xf00c;\"><\/i><\/span><div class=\"x-text-content-text\"><h3 class=\"x-text-content-text-primary\">En savoir plus sur nous<\/h3>\n<p class=\"x-text-content-text-subheadline\">L&#039;Association canadienne de droit juif est\nune organisation vitale qui unit les\nprofessionnels du droit dans la poursuite\nde la justice, de l&#039;\u00e9galit\u00e9 et de l&#039;\u00e9radication\nde la haine.<\/p><\/div><\/div><\/div><a class=\"x-anchor x-anchor-button has-graphic has-particle e8-e47 m8-2x m8-2y m8-2z m8-8\" tabindex=\"0\" href=\"\/fr\/about\/\" data-x-effect=\"{&quot;durationBase&quot;:&quot;300ms&quot;}\"><span class=\"x-particle is-primary\" data-x-particle=\"scale-x inside-b_l\" aria-hidden=\"true\"><span style=\"\"><\/span><\/span><div class=\"x-anchor-content\"><span class=\"x-graphic\" aria-hidden=\"true\"><i class=\"x-icon x-graphic-child x-graphic-icon x-graphic-primary\" aria-hidden=\"true\" data-x-icon-o=\"&#xf105;\"><\/i><i class=\"x-icon x-graphic-child x-graphic-icon x-graphic-secondary\" aria-hidden=\"true\" data-x-icon-o=\"&#xf105;\"><\/i><\/span><div class=\"x-anchor-text\"><span class=\"x-anchor-text-primary\">En savoir plus<\/span><\/div><\/div><\/a><\/div><div class=\"x-col e8-e48 m8-1k m8-1m m8-1n m8-1o m8-1t m8-1u m8-1w\"><div class=\"x-text x-text-headline has-graphic e8-e49 m8-1z m8-20 m8-23 m8-25 m8-2a m8-2b m8-2c m8-2e\"><div class=\"x-text-content\"><span class=\"x-graphic\" aria-hidden=\"true\"><i class=\"x-icon x-graphic-child x-graphic-icon x-graphic-primary\" aria-hidden=\"true\" data-x-icon-o=\"&#xf00c;\"><\/i><\/span><div class=\"x-text-content-text\"><h3 class=\"x-text-content-text-primary\">Rester inform\u00e9<\/h3>\n<p class=\"x-text-content-text-subheadline\">Restez au courant de l&#039;Association\ncanadienne de droit juif, de nos initiatives,\nde nos articles, de nos conseils et de nos\nid\u00e9es.<\/p><\/div><\/div><\/div><div class=\"x-text x-content e8-e50 m8-2k m8-2l m8-2n m8-2o m8-2t\"><script>(function() {\n\twindow.mc4wp = window.mc4wp || {\n\t\tlisteners: [],\n\t\tforms: {\n\t\t\ton: function(evt, cb) {\n\t\t\t\twindow.mc4wp.listeners.push(\n\t\t\t\t\t{\n\t\t\t\t\t\tevent   : evt,\n\t\t\t\t\t\tcallback: cb\n\t\t\t\t\t}\n\t\t\t\t);\n\t\t\t}\n\t\t}\n\t}\n})();\n<\/script><!-- Mailchimp for WordPress v4.12.2 - https:\/\/wordpress.org\/plugins\/mailchimp-for-wp\/ --><form id=\"mc4wp-form-1\" class=\"mc4wp-form mc4wp-form-185\" method=\"post\" data-id=\"185\" data-name=\"Join newsletter\" action=\"\" ><div class=\"mc4wp-form-fields\"><p>\r\n\t<label>Courriel \r\n\t\t<input type=\"email\" name=\"EMAIL\" placeholder=\"Courriel\u00a0:\" required \/>\r\n<\/label>\r\n<\/p>\r\n\r\n<p>\r\n\t<input type=\"submit\" value=\"S\u2019abonner\" \/>\r\n<\/p><\/div><label style=\"display: none !important;\">Leave this field empty if you're human: <input type=\"text\" name=\"_mc4wp_honeypot\" value=\"\" tabindex=\"-1\" autocomplete=\"off\" \/><\/label><input type=\"hidden\" name=\"_mc4wp_timestamp\" value=\"1777706688\" \/><input type=\"hidden\" name=\"_mc4wp_form_id\" value=\"185\" \/><input type=\"hidden\" name=\"_mc4wp_form_element_id\" value=\"mc4wp-form-1\" \/><div class=\"mc4wp-response\"><\/div><input type=\"hidden\" name=\"trp-form-language\" value=\"fr\"\/><\/form><!-- \/ Mailchimp for WordPress Plugin --><\/div><\/div><\/div><\/div><\/div><div class=\"x-section e8-e51 m8-0 m8-2 m8-6\" id=\"contact\"><div class=\"x-div x-container max width e8-e52 m8-b m8-c m8-d m8-e m8-f m8-g m8-i m8-j m8-k\"><div class=\"x-text x-text-headline e8-e53 m8-1z m8-20 m8-21 m8-22 m8-23 m8-24 m8-2c m8-2f\"><div class=\"x-text-content\"><div class=\"x-text-content-text\">\n<h2 class=\"x-text-content-text-primary\">Initiatives en cours<\/h2><\/div><\/div><\/div><div class=\"x-text x-content e8-e54 m8-2j m8-2k m8-2l m8-2m m8-2s m8-2u\"><p class=\"translation-block\">Nos initiatives actuelles visent \u00e0 favoriser les liens et le partage des connaissances au sein de la communaut\u00e9 juridique par le biais d'\u00e9v\u00e9nements de mise en r\u00e9seau, de s\u00e9minaires en ligne, de programmes \u00e9ducatifs, etc. Ces efforts visent \u00e0 cr\u00e9er un front uni contre l'antis\u00e9mitisme et la discrimination tout en donnant aux membres les moyens de d\u00e9fendre la justice et l'\u00e9galit\u00e9 dans leur vie professionnelle et personnelle.<\/p>\n<p data-pm-slice=\"1 1 []\" class=\"translation-block\">Contactez-nous ou restez \u00e0 l'\u00e9coute des mises \u00e0 jour sur les \u00e9v\u00e9nements \u00e0 venir et les possibilit\u00e9s d'implication<\/p><\/div><div class=\"x-row e8-e55 m8-q m8-t m8-u m8-14 m8-16 m8-18 m8-1i\"><div class=\"x-row-inner\"><a class=\"x-col e8-e56 m8-1k m8-1n m8-1p m8-1r m8-1t m8-1x m8-7 m8-8 m8-a\" href=\"https:\/\/canadianjewishlawassociation.org\/fr\/when-antisemitic-violence-repeats-the-rule-of-law-is-on-trial\/\" data-x-effect-provider=\"colors effects particles\" data-x-effect=\"{&quot;durationBase&quot;:&quot;300ms&quot;}\"><div class=\"x-div e8-e57 m8-b m8-d m8-e m8-g m8-l m8-m m8-n\"><span class=\"x-image e8-e58 m8-34 m8-36\"><img decoding=\"async\" src=\"https:\/\/canadianjewishlawassociation.org\/wp-content\/uploads\/2026\/04\/When-Antisemitic-Violence-Repeats-the-Rule-of-Law-is-on-Trial.jpg\" width=\"540\" height=\"675\" alt=\"Featured image for \u201cWhen Antisemitic Violence Repeats, the Rule of Law is on Trial\u201d\" loading=\"lazy\"><\/span><\/div><div class=\"x-div e8-e59 m8-d m8-e m8-g m8-i m8-l m8-o\"><div class=\"x-div e8-e60 m8-b m8-c m8-d m8-i m8-j m8-n m8-p\"><div class=\"x-text x-text-headline e8-e61 m8-1z m8-20 m8-21 m8-24 m8-2b m8-2g\"><div class=\"x-text-content\"><div class=\"x-text-content-text\">\n<span class=\"x-text-content-text-primary\">avril 9, 2026<\/span><\/div><\/div><\/div><\/div><div class=\"x-text x-text-headline e8-e62 m8-20 m8-21 m8-23 m8-24 m8-2b m8-2c m8-2h\"><div class=\"x-text-content\"><div class=\"x-text-content-text\">\n<h3 class=\"x-text-content-text-primary\">When Antisemitic Violence Repeats, the Rule of Law is on Trial<\/h3><\/div><\/div><\/div><span class=\"x-anchor x-anchor-button has-graphic has-particle e8-e63 m8-2x m8-2z m8-30 m8-31 m8-8\" tabindex=\"0\" data-x-effect=\"{&quot;durationBase&quot;:&quot;300ms&quot;}\"><span class=\"x-particle is-primary\" data-x-particle=\"scale-x inside-b_l\" aria-hidden=\"true\"><span style=\"\"><\/span><\/span><div class=\"x-anchor-content\"><span class=\"x-graphic\" aria-hidden=\"true\"><i class=\"x-icon x-graphic-child x-graphic-icon x-graphic-primary\" aria-hidden=\"true\" data-x-icon-o=\"&#xf105;\"><\/i><i class=\"x-icon x-graphic-child x-graphic-icon x-graphic-secondary\" aria-hidden=\"true\" data-x-icon-o=\"&#xf105;\"><\/i><\/span><div class=\"x-anchor-text\"><span class=\"x-anchor-text-primary\">En savoir plus<\/span><\/div><\/div><\/span><\/div><\/a><a class=\"x-col e8-e56 m8-1k m8-1n m8-1p m8-1r m8-1t m8-1x m8-7 m8-8 m8-a\" href=\"https:\/\/canadianjewishlawassociation.org\/fr\/ottawa-b-c-move-ahead-with-anti-hate-legislationto-combat-rising-antisemitism-targeted-violence\/\" data-x-effect-provider=\"colors effects particles\" data-x-effect=\"{&quot;durationBase&quot;:&quot;300ms&quot;}\"><div class=\"x-div e8-e57 m8-b m8-d m8-e m8-g m8-l m8-m m8-n\"><span class=\"x-image e8-e58 m8-34 m8-36\"><img decoding=\"async\" src=\"https:\/\/canadianjewishlawassociation.org\/wp-content\/uploads\/2026\/04\/antisimitsim.jpg\" width=\"540\" height=\"675\" alt=\"Featured image for \u201cOttawa, B.C. move ahead with anti-hate legislationto combat rising antisemitism, targeted violence\u201d\" loading=\"lazy\"><\/span><\/div><div class=\"x-div e8-e59 m8-d m8-e m8-g m8-i m8-l m8-o\"><div class=\"x-div e8-e60 m8-b m8-c m8-d m8-i m8-j m8-n m8-p\"><div class=\"x-text x-text-headline e8-e61 m8-1z m8-20 m8-21 m8-24 m8-2b m8-2g\"><div class=\"x-text-content\"><div class=\"x-text-content-text\">\n<span class=\"x-text-content-text-primary\">avril 9, 2026<\/span><\/div><\/div><\/div><\/div><div class=\"x-text x-text-headline e8-e62 m8-20 m8-21 m8-23 m8-24 m8-2b m8-2c m8-2h\"><div class=\"x-text-content\"><div class=\"x-text-content-text\">\n<h3 class=\"x-text-content-text-primary\">Ottawa, B.C. move ahead with anti-hate legislationto combat rising antisemitism, targeted violence<\/h3><\/div><\/div><\/div><span class=\"x-anchor x-anchor-button has-graphic has-particle e8-e63 m8-2x m8-2z m8-30 m8-31 m8-8\" tabindex=\"0\" data-x-effect=\"{&quot;durationBase&quot;:&quot;300ms&quot;}\"><span class=\"x-particle is-primary\" data-x-particle=\"scale-x inside-b_l\" aria-hidden=\"true\"><span style=\"\"><\/span><\/span><div class=\"x-anchor-content\"><span class=\"x-graphic\" aria-hidden=\"true\"><i class=\"x-icon x-graphic-child x-graphic-icon x-graphic-primary\" aria-hidden=\"true\" data-x-icon-o=\"&#xf105;\"><\/i><i class=\"x-icon x-graphic-child x-graphic-icon x-graphic-secondary\" aria-hidden=\"true\" data-x-icon-o=\"&#xf105;\"><\/i><\/span><div class=\"x-anchor-text\"><span class=\"x-anchor-text-primary\">En savoir plus<\/span><\/div><\/div><\/span><\/div><\/a><a class=\"x-col e8-e56 m8-1k m8-1n m8-1p m8-1r m8-1t m8-1x m8-7 m8-8 m8-a\" href=\"https:\/\/canadianjewishlawassociation.org\/fr\/cjla-congratulates-the-honourable-marina-paperny-k-c-on-lifetime-achievement-recognition\/\" data-x-effect-provider=\"colors effects particles\" data-x-effect=\"{&quot;durationBase&quot;:&quot;300ms&quot;}\"><div class=\"x-div e8-e57 m8-b m8-d m8-e m8-g m8-l m8-m m8-n\"><span class=\"x-image e8-e58 m8-34 m8-36\"><img decoding=\"async\" src=\"https:\/\/canadianjewishlawassociation.org\/wp-content\/uploads\/2026\/03\/Copy-of-CJLA-JUNE-2025-Posts.jpg\" width=\"540\" height=\"675\" alt=\"Featured image for \u201cCJLA Congratulates the Honourable Marina Paperny, K.C. on Lifetime Achievement Recognition\u201d\" loading=\"lazy\"><\/span><\/div><div class=\"x-div e8-e59 m8-d m8-e m8-g m8-i m8-l m8-o\"><div class=\"x-div e8-e60 m8-b m8-c m8-d m8-i m8-j m8-n m8-p\"><div class=\"x-text x-text-headline e8-e61 m8-1z m8-20 m8-21 m8-24 m8-2b m8-2g\"><div class=\"x-text-content\"><div class=\"x-text-content-text\">\n<span class=\"x-text-content-text-primary\">mars 13, 2026<\/span><\/div><\/div><\/div><\/div><div class=\"x-text x-text-headline e8-e62 m8-20 m8-21 m8-23 m8-24 m8-2b m8-2c m8-2h\"><div class=\"x-text-content\"><div class=\"x-text-content-text\">\n<h3 class=\"x-text-content-text-primary\">CJLA Congratulates the Honourable Marina Paperny, K.C. on Lifetime Achievement Recognition<\/h3><\/div><\/div><\/div><span class=\"x-anchor x-anchor-button has-graphic has-particle e8-e63 m8-2x m8-2z m8-30 m8-31 m8-8\" tabindex=\"0\" data-x-effect=\"{&quot;durationBase&quot;:&quot;300ms&quot;}\"><span class=\"x-particle is-primary\" data-x-particle=\"scale-x inside-b_l\" aria-hidden=\"true\"><span style=\"\"><\/span><\/span><div class=\"x-anchor-content\"><span class=\"x-graphic\" aria-hidden=\"true\"><i class=\"x-icon x-graphic-child x-graphic-icon x-graphic-primary\" aria-hidden=\"true\" data-x-icon-o=\"&#xf105;\"><\/i><i class=\"x-icon x-graphic-child x-graphic-icon x-graphic-secondary\" aria-hidden=\"true\" data-x-icon-o=\"&#xf105;\"><\/i><\/span><div class=\"x-anchor-text\"><span class=\"x-anchor-text-primary\">En savoir plus<\/span><\/div><\/div><\/span><\/div><\/a><\/div><\/div><a class=\"x-anchor x-anchor-button e8-e64 m8-2v m8-2x m8-31 m8-32 m8-7 m8-8 m8-9\" tabindex=\"0\" href=\"https:\/\/canadianjewishlawassociation.org\/fr\/blog\/\" data-x-effect=\"{&quot;durationBase&quot;:&quot;300ms&quot;}\"><div class=\"x-anchor-content\"><div class=\"x-anchor-text\"><span class=\"x-anchor-text-primary\">Plus d\u2019articles<\/span><\/div><\/div><\/a><\/div><\/div><div class=\"x-section e8-e65 m8-0 m8-2 m8-6\" id=\"interest\"><div class=\"x-div x-container max width e8-e66 m8-b m8-c m8-d m8-e m8-f m8-g m8-i m8-j m8-k\"><div class=\"x-text x-text-headline e8-e67 m8-1z m8-20 m8-21 m8-22 m8-23 m8-24 m8-2c m8-2f\"><div class=\"x-text-content\"><div class=\"x-text-content-text\">\n<h2 class=\"x-text-content-text-primary\">Int\u00e9ress\u00e9(e) \u00e0 devenir membre de notre association ?<\/h2><\/div><\/div><\/div><\/div><div class=\"x-row x-container max width e8-e68 m8-q m8-s m8-t m8-u m8-11 m8-12 m8-13 m8-16 m8-19 m8-1j\"><div class=\"x-row-inner\"><div class=\"x-col e8-e69 m8-1n m8-1o m8-1p\"><\/div><div class=\"x-col e8-e70 m8-1n m8-1o m8-1p m8-1s\"><a class=\"x-anchor x-anchor-button e8-e71 m8-2v m8-2w m8-2x m8-7 m8-8 m8-9\" tabindex=\"0\" href=\"https:\/\/canadianjewishlawassociation.org\/fr\/?msopen=\/member\/plans\/4zstuaxhfu\" data-x-effect=\"{&quot;durationBase&quot;:&quot;300ms&quot;}\"><div class=\"x-anchor-content\"><div class=\"x-anchor-text\"><span class=\"x-anchor-text-primary\">S'inscrire maintenant<\/span><\/div><\/div><\/a><\/div><div class=\"x-col e8-e72 m8-1n m8-1o m8-1p\"><\/div><\/div><\/div><\/div><\/div>","protected":false},"excerpt":{"rendered":"<p>Canadian Jewish Law AssociationCanadian Jewish Law Association Uniting Legal Voices, Championing Justice: A Future Free from HateJoin Our AssociationMission Justice Promote the rule of law, access to justice and advocacy excellence in the fulfillment of our vision and mission.Advocacy Advocate for a just and inclusive society free of antisemitism, prejudice and hateEducation Educate the legal community and the wider public &#8230; <\/p>\n<div><a href=\"https:\/\/canadianjewishlawassociation.org\/fr\/\" class=\"more-link\">Read More<\/a><\/div>","protected":false},"author":6,"featured_media":291,"parent":0,"menu_order":0,"comment_status":"closed","ping_status":"closed","template":"template-blank-4.php","meta":{"footnotes":""},"class_list":["post-8","page","type-page","status-publish","has-post-thumbnail","hentry"],"_links":{"self":[{"href":"https:\/\/canadianjewishlawassociation.org\/fr\/wp-json\/wp\/v2\/pages\/8","targetHints":{"allow":["GET"]}}],"collection":[{"href":"https:\/\/canadianjewishlawassociation.org\/fr\/wp-json\/wp\/v2\/pages"}],"about":[{"href":"https:\/\/canadianjewishlawassociation.org\/fr\/wp-json\/wp\/v2\/types\/page"}],"author":[{"embeddable":true,"href":"https:\/\/canadianjewishlawassociation.org\/fr\/wp-json\/wp\/v2\/users\/6"}],"replies":[{"embeddable":true,"href":"https:\/\/canadianjewishlawassociation.org\/fr\/wp-json\/wp\/v2\/comments?post=8"}],"version-history":[{"count":8,"href":"https:\/\/canadianjewishlawassociation.org\/fr\/wp-json\/wp\/v2\/pages\/8\/revisions"}],"predecessor-version":[{"id":559,"href":"https:\/\/canadianjewishlawassociation.org\/fr\/wp-json\/wp\/v2\/pages\/8\/revisions\/559"}],"wp:featuredmedia":[{"embeddable":true,"href":"https:\/\/canadianjewishlawassociation.org\/fr\/wp-json\/wp\/v2\/media\/291"}],"wp:attachment":[{"href":"https:\/\/canadianjewishlawassociation.org\/fr\/wp-json\/wp\/v2\/media?parent=8"}],"curies":[{"name":"wp","href":"https:\/\/api.w.org\/{rel}","templated":true}]}}